{"id":32,"date":"2010-09-28T18:40:49","date_gmt":"2010-09-28T18:40:49","guid":{"rendered":"https:\/\/dansskoli.is\/kara\/"},"modified":"2025-06-26T17:43:19","modified_gmt":"2025-06-26T17:43:19","slug":"dansfelagid","status":"publish","type":"page","link":"https:\/\/dansskoli.is\/kara\/dansfelagid\/","title":{"rendered":"Dansf\u00e9lag Reykjav\u00edkur"},"content":{"rendered":"<p>[et_pb_section fb_built=&#8220;1&#8243; admin_label=&#8220;About Us Section&#8220; _builder_version=&#8220;4.16&#8243; custom_padding=&#8220;9px|0px|110px|0px||&#8220; global_colors_info=&#8220;{}&#8220;][et_pb_row column_structure=&#8220;1_2,1_2&#8243; _builder_version=&#8220;4.16&#8243; custom_padding=&#8220;|||&#8220; locked=&#8220;off&#8220; global_colors_info=&#8220;{}&#8220;][et_pb_column type=&#8220;1_2&#8243; module_id=&#8220;dansfelag&#8220; _builder_version=&#8220;4.16&#8243; custom_padding=&#8220;|||&#8220; global_colors_info=&#8220;{}&#8220; custom_padding__hover=&#8220;|||&#8220;][et_pb_text _builder_version=&#8220;4.16&#8243; text_font=&#8220;||||||||&#8220; header_font=&#8220;||||||||&#8220; header_3_font=&#8220;Poppins|600|||||||&#8220; header_3_text_color=&#8220;#44d89e&#8220; header_3_font_size=&#8220;36px&#8220; header_3_line_height=&#8220;1.4em&#8220; global_colors_info=&#8220;{}&#8220;]<\/p>\n<h1>DANSF\u00c9LAG REYKJAV\u00cdKUR<\/h1>\n<p>[\/et_pb_text][et_pb_text _builder_version=&#8220;4.16&#8243; text_font=&#8220;Open Sans||||||||&#8220; text_text_color=&#8220;#486066&#8243; text_font_size=&#8220;15px&#8220; text_line_height=&#8220;1.8em&#8220; header_font=&#8220;||||||||&#8220; custom_margin=&#8220;||12px|||&#8220; global_colors_info=&#8220;{}&#8220;]<\/p>\n<p style=\"text-align: justify;\">Til \u00feess a\u00f0 geta keppt \u00e1 dansm\u00f3tum \u00fearf a\u00f0 vera \u00ed \u00ed\u00fer\u00f3ttaf\u00e9lagi. Dansf\u00e9lag Reykjav\u00edkur (DR) er \u00ed\u00fer\u00f3ttaf\u00e9lag sem starfar innan Danssk\u00f3la K\u00f6ru (DK) og var \u00fea\u00f0 stofna\u00f0 24. apr\u00edl 1994.\u00a0\u00a0Helstu markmi\u00f0 f\u00e9lagsins eru a\u00f0 i\u00f0ka samkv\u00e6misdans sem \u00ed\u00fer\u00f3tt, efla \u00e1huga \u00e1 \u00feeirri \u00ed\u00fer\u00f3tt og stu\u00f0la a\u00f0 b\u00e6ttri a\u00f0st\u00f6\u00f0u til i\u00f0kunar hennar og \u00feannig a\u00f0 sty\u00f0ja vi\u00f0 baki\u00f0 \u00e1 d\u00f6nsurum \u00ed DK me\u00f0 \u00fdmsum h\u00e6tti.<\/p>\n<p>[\/et_pb_text][et_pb_blurb title=&#8220;DR hefur sta\u00f0i\u00f0 fyrir \u00e6fingab\u00fa\u00f0um \u00e1samt DK, einni e\u00f0a fleirum, \u00e1 hverju \u00e1ri og hafa stj\u00f3rnarmenn DR, kennarar DK og foreldrar barnanna unni\u00f0 saman a\u00f0 \u00feessu. DR hefur styrkt \u00feessar b\u00fa\u00f0ir myndarlega me\u00f0 ni\u00f0urgrei\u00f0slu \u00e1 kostna\u00f0i.&#8220; use_icon=&#8220;on&#8220; font_icon=&#8220;&#xe052;||divi||400&#8243; icon_color=&#8220;#1bb3eb&#8220; icon_placement=&#8220;left&#8220; image_icon_width=&#8220;28px&#8220; _builder_version=&#8220;4.16&#8243; header_font=&#8220;Open Sans|600|||||||&#8220; header_text_color=&#8220;#486066&#8243; header_font_size=&#8220;15px&#8220; header_line_height=&#8220;1.8em&#8220; custom_margin=&#8220;||0px|&#8220; custom_padding=&#8220;|||&#8220; animation_style=&#8220;fade&#8220; animation=&#8220;off&#8220; icon_font_size=&#8220;28px&#8220; global_colors_info=&#8220;{}&#8220;][\/et_pb_blurb][et_pb_blurb title=&#8220;F\u00e9lagi\u00f0 hefur stutt vi\u00f0 baki\u00f0 \u00e1 f\u00e9lagsm\u00f6nnum s\u00ednum sem hafa fari\u00f0 erlendis a\u00f0 keppa me\u00f0 \u00fev\u00ed a\u00f0 grei\u00f0a fyrir kennara me\u00f0 \u00feeim \u00fat. &#8220; use_icon=&#8220;on&#8220; font_icon=&#8220;&#xe052;||divi||400&#8243; icon_color=&#8220;#1bb3eb&#8220; icon_placement=&#8220;left&#8220; image_icon_width=&#8220;28px&#8220; _builder_version=&#8220;4.16&#8243; header_font=&#8220;Open Sans|600|||||||&#8220; header_text_color=&#8220;#486066&#8243; header_font_size=&#8220;15px&#8220; header_line_height=&#8220;1.8em&#8220; custom_margin=&#8220;||0px|&#8220; custom_padding=&#8220;|||&#8220; animation_style=&#8220;fade&#8220; animation_delay=&#8220;100ms&#8220; animation=&#8220;off&#8220; icon_font_size=&#8220;28px&#8220; global_colors_info=&#8220;{}&#8220;][\/et_pb_blurb][et_pb_blurb title=&#8220;Einnig hefur f\u00e9lagi\u00f0 stutt vi\u00f0 baki\u00f0 \u00e1 s\u00ednum afreksm\u00f6nnum sem hafa fari\u00f0 \u00fat a\u00f0 keppa \u00e1 Evr\u00f3pu-og heimsmeistaram\u00f3tum me\u00f0 g\u00f3\u00f0um fj\u00e1rstyrkjum.&#8220; use_icon=&#8220;on&#8220; font_icon=&#8220;&#xe052;||divi||400&#8243; icon_color=&#8220;#1bb3eb&#8220; icon_placement=&#8220;left&#8220; image_icon_width=&#8220;28px&#8220; _builder_version=&#8220;4.16&#8243; header_font=&#8220;Open Sans|600|||||||&#8220; header_text_color=&#8220;#486066&#8243; header_font_size=&#8220;15px&#8220; header_line_height=&#8220;1.8em&#8220; custom_margin=&#8220;||0px|&#8220; custom_padding=&#8220;|||&#8220; animation_style=&#8220;fade&#8220; animation_delay=&#8220;200ms&#8220; animation=&#8220;off&#8220; icon_font_size=&#8220;28px&#8220; global_colors_info=&#8220;{}&#8220;][\/et_pb_blurb][et_pb_blurb title=&#8220;Fyrir \u00fe\u00e1 sem tippa \u00fe\u00e1 er f\u00e9lagsn\u00famer DR \u00ed getraunum 160.&#8220; use_icon=&#8220;on&#8220; font_icon=&#8220;&#xe052;||divi||400&#8243; icon_color=&#8220;#1bb3eb&#8220; icon_placement=&#8220;left&#8220; image_icon_width=&#8220;28px&#8220; _builder_version=&#8220;4.16&#8243; header_font=&#8220;Open Sans|600|||||||&#8220; header_text_color=&#8220;#486066&#8243; header_font_size=&#8220;15px&#8220; header_line_height=&#8220;1.8em&#8220; custom_margin=&#8220;||0px|&#8220; custom_padding=&#8220;|||&#8220; animation_style=&#8220;fade&#8220; animation_delay=&#8220;200ms&#8220; animation=&#8220;off&#8220; icon_font_size=&#8220;28px&#8220; global_colors_info=&#8220;{}&#8220;][\/et_pb_blurb][et_pb_blurb url=&#8220;https:\/\/dsi.is\/log-og-reglur-dsi\/reglur\/&#8220; url_new_window=&#8220;on&#8220; use_icon=&#8220;on&#8220; font_icon=&#8220;&#xe052;||divi||400&#8243; icon_color=&#8220;#1bb3eb&#8220; icon_placement=&#8220;left&#8220; image_icon_width=&#8220;28px&#8220; _builder_version=&#8220;4.16&#8243; header_font=&#8220;Open Sans|600|||||||&#8220; header_text_color=&#8220;#486066&#8243; header_font_size=&#8220;15px&#8220; header_line_height=&#8220;1.8em&#8220; body_font=&#8220;|600|||||||&#8220; body_font_size=&#8220;15px&#8220; body_line_height=&#8220;1.8em&#8220; custom_margin=&#8220;||0px|&#8220; custom_padding=&#8220;|||&#8220; animation_style=&#8220;fade&#8220; animation_delay=&#8220;200ms&#8220; animation=&#8220;off&#8220; icon_font_size=&#8220;28px&#8220; global_colors_info=&#8220;{}&#8220;]<\/p>\n<p><a href=\"H\u00e9r%20eru n\u00e1nari uppl\u00fdsingar um kl\u00e6\u00f0abur\u00f0 og reglur DS\u00cd.\" target=\"_blank\" rel=\"noopener\">H\u00e9r eru n\u00e1nari uppl\u00fdsingar<\/a> um kl\u00e6\u00f0abur\u00f0 og reglur DS\u00cd.<\/p>\n<p>[\/et_pb_blurb][\/et_pb_column][et_pb_column type=&#8220;1_2&#8243; _builder_version=&#8220;4.16&#8243; custom_padding=&#8220;|||&#8220; global_colors_info=&#8220;{}&#8220; custom_padding__hover=&#8220;|||&#8220;][et_pb_image src=&#8220;https:\/\/dansskoli.is\/kara\/wp-content\/uploads\/2022\/01\/dr.jpg&#8220; title_text=&#8220;dr&#8220; align_tablet=&#8220;center&#8220; align_phone=&#8220;center&#8220; align_last_edited=&#8220;on|desktop&#8220; _builder_version=&#8220;4.16&#8243; custom_margin=&#8220;50px||||false|false&#8220; animation_style=&#8220;fade&#8220; global_colors_info=&#8220;{}&#8220;][\/et_pb_image][\/et_pb_column][\/et_pb_row][et_pb_row _builder_version=&#8220;4.16&#8243; _module_preset=&#8220;default&#8220; custom_padding=&#8220;8px|||||&#8220; global_colors_info=&#8220;{}&#8220;][et_pb_column type=&#8220;4_4&#8243; module_id=&#8220;log&#8220; _builder_version=&#8220;4.16&#8243; _module_preset=&#8220;default&#8220; global_colors_info=&#8220;{}&#8220;][et_pb_accordion module_id=&#8220;log&#8220; _builder_version=&#8220;4.16&#8243; _module_preset=&#8220;default&#8220; global_colors_info=&#8220;{}&#8220;][et_pb_accordion_item title=&#8220;L\u00d6G DANSF\u00c9LAGSINS&#8220; open=&#8220;on&#8220; _builder_version=&#8220;4.16&#8243; _module_preset=&#8220;default&#8220; global_colors_info=&#8220;{}&#8220;]<\/p>\n<p><span>F\u00e9lagi\u00f0 heitir Dansf\u00e9lag Reykjav\u00edkur, skammstafa\u00f0 DR, og er a\u00f0setur \u00feess \u00ed Reykjav\u00edk. F\u00e9lagi\u00f0 er a\u00f0ili a\u00f0 \u00cdBR, DS\u00cd og \u00cdS\u00cd og \u00fev\u00ed h\u00e1\u00f0 l\u00f6gum, reglum og sam\u00feykktum \u00ed\u00fer\u00f3ttahreyfingarinnar. Markmi\u00f0 f\u00e9lagsins er a\u00f0 i\u00f0ka samkv\u00e6misdans sem \u00ed\u00fer\u00f3tt, efla \u00e1huga \u00e1 \u00feeirri \u00ed\u00fer\u00f3tt og stu\u00f0la a\u00f0 b\u00e6ttri a\u00f0st\u00f6\u00f0u til i\u00f0kunar hennar.<\/span><\/p>\n<p>Allar skr\u00e1ninger eru h\u00e1\u00f0ar sam\u00feykki stj\u00f3rnanda.<\/p>\n<p>Danssk\u00f3li K\u00f6ru og Dansf\u00e9lag Reykjav\u00edkur fer eftir samskiptareglun, si\u00f0areglum og pers\u00f3nuverndarl\u00f6gum \u00cdS\u00cd.<\/p>\n<p><span><\/span><\/p>\n<p>[\/et_pb_accordion_item][et_pb_accordion_item title=&#8220;H\u00e9r eru l\u00f6g dansf\u00e9lagsins \u00ed heild sinni&#8220; _builder_version=&#8220;4.16&#8243; _module_preset=&#8220;default&#8220; global_colors_info=&#8220;{}&#8220; open=&#8220;off&#8220;]<\/p>\n<div id=\"main-content\">\n<div class=\"container\">\n<div id=\"content-area\" class=\"clearfix\">\n<div id=\"left-area\">\n<article id=\"post-102\" class=\"post-102 page type-page status-publish hentry\">\n<div class=\"entry-content\">\n<p>1. grein<br \/>F\u00e9lagi\u00f0 heitir Dansf\u00e9lag Reykjav\u00edkur, skammstafa\u00f0 DR, og er a\u00f0setur \u00feess \u00ed Reykjav\u00edk. F\u00e9lagi\u00f0 er a\u00f0ili a\u00f0 \u00cdBR, DS\u00cd og \u00cdS\u00cd og \u00fev\u00ed h\u00e1\u00f0 l\u00f6gum, reglum og sam\u00feykktum \u00ed\u00fer\u00f3ttahreyfingarinnar.<\/p>\n<p>2. grein<br \/>Markmi\u00f0 f\u00e9lagsins er a\u00f0 i\u00f0ka samkv\u00e6misdans sem \u00ed\u00fer\u00f3tt, efla \u00e1huga \u00e1 \u00feeirri \u00ed\u00fer\u00f3tt og stu\u00f0la a\u00f0 b\u00e6ttri a\u00f0st\u00f6\u00f0u til i\u00f0kunar hennar.<\/p>\n<p>3. grein<br \/>F\u00e9lagi\u00f0 er \u00f6llum opi\u00f0. Kj\u00f6rgengi og atkv\u00e6\u00f0isr\u00e9tt hafa \u00feeir f\u00e9lagsmenn sem n\u00e1\u00f0 hafa 16 \u00e1ra aldri og hafa fullgilt f\u00e9lagssk\u00edrteini. \u00c1 a\u00f0al- og f\u00e9lagsfundum getur enginn f\u00e9lagsma\u00f0ur fari\u00f0 me\u00f0 meira en tv\u00f6 atkv\u00e6\u00f0i fyrir utan sitt eigi\u00f0 og skal \u00fea\u00f0 vera samkv\u00e6mt skriflegu umbo\u00f0i vi\u00f0komandi f\u00e9lagsmanna.<\/p>\n<p>4. grein<br \/>\u00c1rgjald f\u00e9lagsins skal \u00e1kve\u00f0i\u00f0 \u00e1 a\u00f0alfundi \u00e1r hvert. Gjalddagi f\u00e9lagsgjalds er 1. jan\u00faar.<\/p>\n<p>5. grein<br \/>Grei\u00f0i f\u00e9lagsma\u00f0ur ekki f\u00e9lagsgj\u00f6ld fyrir 1. mars sama \u00e1r , skal setja hann \u00e1 skr\u00e1 yfir \u00f3hlutgenga f\u00e9laga, er ekki hafa leyfi til a\u00f0 keppa fyrir h\u00f6nd f\u00e9lagsins, hafa ekki atkv\u00e6\u00f0isr\u00e9tt \u00e1 fundum \u00feess og eru ekki kj\u00f6rgengir \u00ed stj\u00f3rn og nefndir.<\/p>\n<p>6. grein<br \/>Stj\u00f3rn f\u00e9lagsins skipa 5 menn: Forma\u00f0ur, varaforma\u00f0ur, ritari, gjaldkeri og me\u00f0stj\u00f3rnandi. Stj\u00f3rnin skal kosin \u00e1 a\u00f0alfundi, \u00feannig: Forma\u00f0ur til eins \u00e1rs og 2 stj\u00f3rnarmenn til tveggja \u00e1ra. Ennfremur skal kj\u00f3sa 2 varamenn og 2 sko\u00f0urnarmenn, til eins \u00e1rs \u00ed senn. Ef fram koma till\u00f6gur um fleiri stj\u00f3rnarmenn en kj\u00f3sa \u00e1, skal stj\u00f3rnarkj\u00f6r vera skriflegt.<\/p>\n<p>7. grein<br \/>Stj\u00f3rninni ber a\u00f0 g\u00e6ta hagsmuna f\u00e9lagsins \u00ed \u00f6llum greinum. H\u00fan hefur umr\u00e1\u00f0 yfir eignum \u00feess og bo\u00f0ar til funda. Stj\u00f3rnin getur enga fullna\u00f0ar\u00e1kv\u00f6r\u00f0un teki\u00f0, nema meirihluti stj\u00f3rnar s\u00e9u henni fylgjandi. Stj\u00f3rnin getur viki\u00f0 m\u00f6nnum \u00far f\u00e9laginu, \u00e1l\u00edti h\u00fan framkomu \u00feeirra f\u00e9laginu til vansa. \u00de\u00f3 getur vi\u00f0komandi \u00f3ska\u00f0 \u00feess a\u00f0 m\u00e1li\u00f0 ver\u00f0i teki\u00f0 fyrir \u00e1 f\u00e9lagsfundi.<\/p>\n<p>8. grein<br \/>Reikningar f\u00e9lagsins mi\u00f0ast vi\u00f0 \u00e1ram\u00f3t.<\/p>\n<p>9. grein<br \/>A\u00f0alfund skal halda \u00e1r hvert, eigi s\u00ed\u00f0ar en 15. apr\u00edl . Til a\u00f0alfundar skal bo\u00f0a me\u00f0 minnst 10 daga fyrirvara og er hann l\u00f6gm\u00e6tur s\u00e9 l\u00f6glega til hans bo\u00f0a\u00f0, \u00e1n tillits til \u00feess hversu margir m\u00e6ta. \u00c1 a\u00f0alfundi skal kj\u00f3sa fundarstj\u00f3ra og fundarritara. \u00c1 a\u00f0alfundi skulu m\u00e1l tekin fyrir \u00ed \u00feeirri r\u00f6\u00f0, sem h\u00e9r segir:<br \/>1. Sk\u00fdrsla stj\u00f3rnar.<br \/>2. Lag\u00f0ir fram endursko\u00f0a\u00f0ir reikningar.<br \/>3. Umr\u00e6\u00f0ur um sk\u00fdrslu stj\u00f3rnar og reikninga. Reikningar bornir undir atkv\u00e6\u00f0i.<br \/>4. Lag\u00f0ar fram till\u00f6gur a\u00f0 breytingum laga f\u00e9lagsins, ef um er a\u00f0 r\u00e6\u00f0a.<br \/>5. \u00c1kv\u00f6r\u00f0un \u00e1rgjalda.<br \/>6. Kosning formanns, stj\u00f3rnar, varastj\u00f3rnar og sko\u00f0unarmanna, samkv. 6. grein laga f\u00e9lagsins.<br \/>7. \u00d6nnur m\u00e1l.<br \/>Einfaldur meirihluti atkv\u00e6\u00f0a r\u00e6\u00f0ur \u00farslitum allra m\u00e1la.<\/p>\n<p>10. grein<br \/>L\u00f6gum \u00feessum m\u00e1 breyta \u00e1 a\u00f0alfundi og n\u00e6gir einfaldur meirihluti fundarins til \u00feess a\u00f0 lagabreyting s\u00e9 l\u00f6gleg. Till\u00f6gur um lagabreytingar skulu hafa borist stj\u00f3rn f\u00e9lagsins fyrir 1. mars og skal \u00feeirra geti\u00f0 \u00ed fundarbo\u00f0i.<\/p>\n<p>11. grein<br \/>Aukaa\u00f0alfund skal kalla saman me\u00f0 a\u00f0 minnsta kosti 10 daga fyrirvara:<br \/>a) Eftir \u00e1kv\u00f6r\u00f0un a\u00f0alfundar.<br \/>b) Ef 3\/4 hlutar stj\u00f3rnar f\u00e9lagsins sam\u00feykkir \u00fea\u00f0.<br \/>c) \u00deegar a.m.k. helmingur f\u00e9laga \u00f3skar \u00feess.<br \/>\u00c1 aukaa\u00f0alfundi ver\u00f0a a\u00f0eins tekin fyrir m\u00e1l, sem tilgreind eru \u00ed fundarbo\u00f0i.<\/p>\n<p>12. grein<br \/>F\u00e9lagsfundi skal bo\u00f0a svo oft, sem stj\u00f3rnin \u00e1kve\u00f0ur e\u00f0a skrifleg \u00f3sk kemur fr\u00e1 eigi f\u00e6rri en 10 f\u00e9lagsm\u00f6nnum. F\u00e9lagsfundi skal bo\u00f0a me\u00f0 minnst \u00feriggja daga fyrirvara og skal fundarefnis geti\u00f0 \u00ed fundarbo\u00f0i. \u00c1 f\u00e9lagsfundum skal kj\u00f3sa fundarstj\u00f3ra er stj\u00f3rnar fundi og fundarritara, sem heldur fundarger\u00f0. Einfaldur meirihluti fundarins n\u00e6gir til a\u00f0 sam\u00feykktir og breytingar \u00e1 regluger\u00f0um ver\u00f0i l\u00f6glegar. \u00c1 f\u00e9lagsfundum er ekki h\u00e6gt a\u00f0 breyta l\u00f6gum f\u00e9lagsins. Heimilt er a\u00f0 hafa fundarger\u00f0ir \u00ed \u00fear til ger\u00f0um lausbla\u00f0am\u00f6ppum.<\/p>\n<p>\u00deannig breytt og sam\u00feykkt \u00e1 aukaa\u00f0alfundi 9. j\u00fal\u00ed 2007.<\/p>\n<p>Sam\u00feykkt \u00e1 stj\u00f3rnarfundi 6. apr\u00edl 1995 og framhaldsstofnfundi 30. apr\u00edl 1995.<\/p>\n<p>Breyt. \u00e1 a\u00f0alfundi 27. mars 1996.<br \/>Breyt. \u00e1 a\u00f0alfundi 25. febr\u00faar 1997.<br \/>Breyt. \u00e1 a\u00f0alfundi 8. mars 1999.<br \/>Breyt. \u00e1 a\u00f0alfundi 6.apr\u00edl 2000.<\/p>\n<\/div>\n<\/article>\n<\/div>\n<\/div>\n<\/div>\n<\/div>\n<p>[\/et_pb_accordion_item][\/et_pb_accordion][\/et_pb_column][\/et_pb_row][et_pb_row _builder_version=&#8220;4.16&#8243; _module_preset=&#8220;default&#8220; custom_padding=&#8220;8px|||||&#8220; global_colors_info=&#8220;{}&#8220;][et_pb_column type=&#8220;4_4&#8243; module_id=&#8220;fjaroflunarnefnd&#8220; _builder_version=&#8220;4.16&#8243; _module_preset=&#8220;default&#8220; global_colors_info=&#8220;{}&#8220;][et_pb_accordion module_id=&#8220;fjaroflunarnefnd&#8220; _builder_version=&#8220;4.16&#8243; _module_preset=&#8220;default&#8220; global_colors_info=&#8220;{}&#8220;][et_pb_accordion_item title=&#8220;FJ\u00c1R\u00d6FLUNARNEFND&#8220; open=&#8220;on&#8220; _builder_version=&#8220;4.16&#8243; _module_preset=&#8220;default&#8220; global_colors_info=&#8220;{}&#8220;]<\/p>\n<p><span>Markmi\u00f0 fj\u00e1r\u00f6flunarnefndar er a\u00f0 skipuleggja og sj\u00e1 um framkv\u00e6md h\u00f3pverkefna \u00ed fj\u00e1r\u00f6flun til styrktar \u00feeim keppnisp\u00f6rum, sem hyggja \u00e1 keppnisfer\u00f0ir til \u00fatlanda \u00e1 t\u00edmabilinu.<\/span><\/p>\n<p>[\/et_pb_accordion_item][et_pb_accordion_item title=&#8220;H\u00e9r er n\u00e1nari skilgreining \u00e1 tilgangi fj\u00e1r\u00f6flunarnefndar, reglur og hennar helstu vi\u00f0fangsefni.&#8220; _builder_version=&#8220;4.16&#8243; _module_preset=&#8220;default&#8220; global_colors_info=&#8220;{}&#8220; open=&#8220;off&#8220;]<\/p>\n<div id=\"main-content\">\n<div class=\"container\">\n<div id=\"content-area\" class=\"clearfix\">\n<div id=\"left-area\">\n<article id=\"post-102\" class=\"post-102 page type-page status-publish hentry\">\n<div class=\"entry-content\">\n<p>1.gr.<br \/>Fj\u00e1r\u00f6flunarnefnd skal skipu\u00f0 af stj\u00f3rn f\u00e9lagsins til eins \u00e1rs \u00ed senn. Starfst\u00edmi nefndarinnar er s\u00e1 sami og stj\u00f3rnar.<\/p>\n<p>2.gr.<br \/>Fj\u00e1r\u00f6flunarnefnd skal skipu\u00f0 fimm fulltr\u00faum \u00far h\u00f3pi f\u00e9lagsmanna og skal forma\u00f0ur valinn s\u00e9rstaklega.<\/p>\n<p>3.gr.<br \/>Markmi\u00f0 fj\u00e1r\u00f6flunarnefndar er a\u00f0 skipuleggja og sj\u00e1 um framkv\u00e6md h\u00f3pverkefna \u00ed fj\u00e1r\u00f6flun til styrktar \u00feeim keppnisp\u00f6rum, sem hyggja \u00e1 keppnisfer\u00f0ir til \u00fatlanda \u00e1 t\u00edmabilinu.<\/p>\n<p>4.gr.<br \/>Fj\u00e1r\u00f6flunarnefnd hverju sinni tekur \u00e1kv\u00f6r\u00f0un um fj\u00f6lda fj\u00e1r\u00f6flunarverkefna \u00e1 t\u00edmabilinu og gerir hvert verkefni upp a\u00f0 \u00fev\u00ed loknu og skiptir hagna\u00f0i a\u00f0 j\u00f6fnu milli \u00fe\u00e1tttakenda. Skal nefndin svo flj\u00f3tt sem vi\u00f0 ver\u00f0ur komi\u00f0 skila rekstraruppgj\u00f6ri vegna hvers verkefnis til gjaldkera f\u00e9lagsins, \u00fe\u00f3 eigi s\u00ed\u00f0ar en 15 d\u00f6gum eftir a\u00f0 verkefni l\u00fdkur. \u00cd \u00feeim tilvikum sem \u00e1rangur fj\u00e1r\u00f6flunar fer eftir einstaklingsframtaki getur fj\u00e1r\u00f6flunarnefnd \u00e1kve\u00f0i\u00f0 fyrirfram a\u00f0 hagna\u00f0ur skiptist milli \u00fe\u00e1tttakenda eftir \u00e1rangri hvers og eins.<\/p>\n<p>5.gr.<br \/>Innist\u00e6\u00f0u \u00ed fj\u00e1r\u00f6flunarsj\u00f3\u00f0i m\u00e1 grei\u00f0a \u00fat \u00feegar \u00fatgj\u00f6ld myndast vegna keppnisfer\u00f0ar.<\/p>\n<p>6.gr.<br \/>Innist\u00e6\u00f0a pars \u00ed fj\u00e1r\u00f6flunarsj\u00f3\u00f0i f\u00e6st greidd \u00fat h\u00e6tti pari\u00f0 keppni. H\u00e6tti par af \u00f6\u00f0rum s\u00f6kum vi\u00f0 keppnisfer\u00f0, f\u00e6st inneign \u00feess \u00ed fj\u00e1r\u00f6flunarsj\u00f3\u00f0i f\u00e6r\u00f0 yfir \u00e1 n\u00e6sta t\u00edmabil.<\/p>\n<p>7.gr.<br \/>Fj\u00e1r\u00f6flunarnefnd skal kynna keppnisp\u00f6rum me\u00f0 h\u00e6filegum fyrirvara hven\u00e6r fari\u00f0 ver\u00f0ur \u00ed fj\u00e1r\u00f6flunarverkefni og setur t\u00edmam\u00f6rk vegna \u00fe\u00e1ttt\u00f6kutilkynninga. Nefndin getur hafna\u00f0 \u00fe\u00e1ttt\u00f6kutilkynningu, sem berst eftir lok augl\u00fdsts frests.<\/p>\n<p>8.gr.<br \/>\u00d3heimilt er a\u00f0 nota nafn f\u00e9lagsins til fj\u00e1r\u00f6flunar, nema me\u00f0 vitund og sam\u00feykki fj\u00e1r\u00f6flunarnefndar.<\/p>\n<p>9.gr.<br \/>\u00c1kvar\u00f0anir fj\u00e1r\u00f6flunarnefndar eru gildar, \u00feegar meiri hluti nefndarmanna tekur afst\u00f6\u00f0u og r\u00e6\u00f0ur atkv\u00e6\u00f0i formanns \u00farslitum, falli atkv\u00e6\u00f0i jafnt.<\/p>\n<p>10.gr.<br \/>Fj\u00e1r\u00f6flunarnefnd skal \u00ed upphafi starfst\u00edmabils skila til stj\u00f3rnar f\u00e9lagsins framkv\u00e6mda\u00e1\u00e6tlun yfir t\u00edmabili\u00f0. \u00cd lok t\u00edmabils skal nefndin skila sk\u00fdrslu til stj\u00f3rnar um st\u00f6rf nefndarinnar yfir starfst\u00edmabili\u00f0. Framanrita\u00f0ar reglur eru sam\u00feykktar \u00e1 a\u00f0alfundi Gulltopps (Dansf\u00e9lags Reykjav\u00edkur) 4. apr\u00edl 2001.<\/p>\n<\/div>\n<\/article>\n<\/div>\n<\/div>\n<\/div>\n<\/div>\n<p>[\/et_pb_accordion_item][\/et_pb_accordion][\/et_pb_column][\/et_pb_row][et_pb_row _builder_version=&#8220;4.16&#8243; _module_preset=&#8220;default&#8220; custom_padding=&#8220;8px|||||&#8220; global_colors_info=&#8220;{}&#8220;][et_pb_column type=&#8220;4_4&#8243; module_id=&#8220;ferdanefnd&#8220; _builder_version=&#8220;4.16&#8243; _module_preset=&#8220;default&#8220; global_colors_info=&#8220;{}&#8220;][et_pb_accordion module_id=&#8220;ferdanefnd&#8220; _builder_version=&#8220;4.16&#8243; _module_preset=&#8220;default&#8220; global_colors_info=&#8220;{}&#8220;][et_pb_accordion_item title=&#8220;FER\u00d0ANEFND&#8220; open=&#8220;on&#8220; _builder_version=&#8220;4.16&#8243; _module_preset=&#8220;default&#8220; global_colors_info=&#8220;{}&#8220;]<\/p>\n<p><span>Markmi\u00f0 keppnisfer\u00f0anefndar er a\u00f0 skipuleggja og sj\u00e1 um undirb\u00faning og framkv\u00e6md keppnisfer\u00f0a til \u00fatlanda \u00e1 vegum Dansf\u00e9lags Reykjav\u00edkur fyrir keppendur f\u00e9lagsins \u00e1 t\u00edmabilinu. Jafnframt skal nefndin a\u00f0sto\u00f0a keppendur f\u00e9lagsins, sem hyggja \u00e1 keppnisfer\u00f0 \u00e1 Nor\u00f0urlanda-, Evr\u00f3pu- og heimsmeistaram\u00f3t vi\u00f0 undirb\u00faning fer\u00f0ar.<\/span><\/p>\n<p>[\/et_pb_accordion_item][et_pb_accordion_item title=&#8220;H\u00e9r er n\u00e1nari skilgreining \u00e1 tilgangi fer\u00f0anefndar, reglur og hennar helstu vi\u00f0fangsefni.&#8220; _builder_version=&#8220;4.16&#8243; _module_preset=&#8220;default&#8220; global_colors_info=&#8220;{}&#8220; open=&#8220;off&#8220;]<\/p>\n<div id=\"main-content\">\n<div class=\"container\">\n<div id=\"content-area\" class=\"clearfix\">\n<div id=\"left-area\">\n<article id=\"post-102\" class=\"post-102 page type-page status-publish hentry\">\n<div class=\"entry-content\">\n<p>1.gr.<br \/>Keppnisfer\u00f0anefnd skal skipu\u00f0 af stj\u00f3rn f\u00e9lagsins til eins \u00e1rs \u00ed senn. Starfst\u00edmi nefndarinnar er s\u00e1 sami og stj\u00f3rnar.<\/p>\n<p>2.gr.<br \/>Keppnisfer\u00f0anefnd skal skipu\u00f0 fimm fulltr\u00faum \u00far h\u00f3pi f\u00e9lagsmanna og skal forma\u00f0ur valinn s\u00e9rstaklega.<\/p>\n<p>3.gr.<br \/>Markmi\u00f0 keppnisfer\u00f0anefndar er a\u00f0 skipuleggja og sj\u00e1 um undirb\u00faning og framkv\u00e6md keppnisfer\u00f0a til \u00fatlanda \u00e1 vegum Dansf\u00e9lags Reykjav\u00edkur fyrir keppendur f\u00e9lagsins \u00e1 t\u00edmabilinu. Jafnframt skal nefndin a\u00f0sto\u00f0a keppendur f\u00e9lagsins, sem hyggja \u00e1 keppnisfer\u00f0 \u00e1 Nor\u00f0urlanda-, Evr\u00f3pu- og heimsmeistaram\u00f3t vi\u00f0 undirb\u00faning fer\u00f0ar.<\/p>\n<p>4.gr.<br \/>Stj\u00f3rn Dansf\u00e9lags Reykjav\u00edkur tekur \u00e1kv\u00f6r\u00f0un um \u00fea\u00f0 hvort \u00fej\u00e1lfari fer me\u00f0 \u00ed keppnisfer\u00f0, \u00feegar fyrir liggja uppl\u00fdsingar um fj\u00f6lda \u00fe\u00e1tttakenda og skal vi\u00f0 \u00fea\u00f0 mi\u00f0a\u00f0, a\u00f0 kostna\u00f0ur hvers \u00fe\u00e1tttakanda fari ekki yfir kr. 5.000.- \u00ed hvert sinn. Fj\u00e1rh\u00e6\u00f0in skal tekin til endursko\u00f0unar \u00e1 a\u00f0alfundi \u00e1r hvert. Stj\u00f3rnin \u00e1kve\u00f0ur jafnframt hverju sinni hvort f\u00e9lagi\u00f0 leggi fram styrk til ni\u00f0urgrei\u00f0slu \u00e1 kostna\u00f0i vegna \u00fej\u00e1lfara. Ver\u00f0i ekki talin forsenda fyrir \u00fe\u00e1ttt\u00f6ku \u00fej\u00e1lfara, skal skipa\u00f0ur fararstj\u00f3ri \u00far h\u00f3pi forr\u00e1\u00f0amanna.<\/p>\n<p>5.gr.<br \/>Halda skal fund me\u00f0 keppendum og forr\u00e1\u00f0am\u00f6nnum me\u00f0 h\u00e6filegum fyrirvara \u00e1\u00f0ur en keppnisfer\u00f0 hefst. \u00c1 fundinum skal ger\u00f0 grein fyrir fyrirkomulagi keppnisfer\u00f0ar, \u00feekktum kostna\u00f0i \u00e1 keppnissta\u00f0 svo og fer\u00f0a og gistikostna\u00f0i ef flug og gisting er skipul\u00f6g\u00f0 fyrir allan h\u00f3pinn.<\/p>\n<p>6.gr.<br \/>\u00c1\u00f0ur en fer\u00f0 er farin skulu keppendum og forr\u00e1\u00f0am\u00f6nnum kynntar \u00fe\u00e6r keppendareglur, sem \u00fej\u00e1lfari e\u00f0a fararstj\u00f3ri setur hverju sinni. A\u00f0 \u00f6\u00f0ru leyti gilda reglur \u00cdBR og \u00cdS\u00cd um keppnisfer\u00f0ir. Jafnframt skal nefndin kynna \u00fe\u00e1tttakendum a\u00f0rar reglur svo sem kl\u00e6\u00f0areglur o.\u00fe.h.<\/p>\n<p>7.gr.<br \/>\u00c1fengisneysla keppenda er b\u00f6nnu\u00f0 \u00e1 keppnum og \u00ed keppnisfer\u00f0um.<\/p>\n<p>8.gr.<br \/>\u00c1kvar\u00f0anir keppnisfer\u00f0anefndar eru gildar, \u00feegar meiri hluti nefndarmanna tekur afst\u00f6\u00f0u og r\u00e6\u00f0ur atkv\u00e6\u00f0i formanns \u00farslitum, falli atkv\u00e6\u00f0i jafnt.<\/p>\n<p>10.gr.<br \/>Keppnisfer\u00f0anefnd skal \u00ed upphafi starfst\u00edmabils skila til stj\u00f3rnar f\u00e9lagsins framkv\u00e6mda\u00e1\u00e6tlun yfir t\u00edmabili\u00f0. \u00cd lok t\u00edmabils skal nefndin skila sk\u00fdrslu til stj\u00f3rnar um st\u00f6rf nefndarinnar yfir starfst\u00edmabili\u00f0.<\/p>\n<p>Framanrita\u00f0ar reglur eru sam\u00feykktar \u00e1 a\u00f0alfundi Dansf\u00e9lags Reykjav\u00edkur 4. apr\u00edl 2001.<\/p>\n<p>Kara Arngr\u00edmsd\u00f3ttir<\/p>\n<\/div>\n<\/article>\n<\/div>\n<\/div>\n<\/div>\n<\/div>\n<p>[\/et_pb_accordion_item][\/et_pb_accordion][\/et_pb_column][\/et_pb_row][et_pb_row _builder_version=&#8220;4.16&#8243; _module_preset=&#8220;default&#8220; custom_padding=&#8220;8px|||||&#8220; global_colors_info=&#8220;{}&#8220;][et_pb_column type=&#8220;4_4&#8243; module_id=&#8220;ferdanefnd&#8220; _builder_version=&#8220;4.16&#8243; _module_preset=&#8220;default&#8220; global_colors_info=&#8220;{}&#8220;][et_pb_accordion module_id=&#8220;ferdanefnd&#8220; _builder_version=&#8220;4.16&#8243; _module_preset=&#8220;default&#8220; global_colors_info=&#8220;{}&#8220;][et_pb_accordion_item title=&#8220;SKILM\u00c1LAR&#8220; open=&#8220;off&#8220; _builder_version=&#8220;4.16&#8243; _module_preset=&#8220;default&#8220; global_colors_info=&#8220;{}&#8220;]<\/p>\n<p><span>Me\u00f0 sam\u00feykkt skilm\u00e1la er veri\u00f0 a\u00f0 fallast \u00e1 me\u00f0h\u00f6ndlun uppl\u00fdsinga til starfs og stu\u00f0nings Danssk\u00f3la K\u00f6ru (DK) og Dansf\u00e9lags Reykjav\u00edkur (DR).<\/span><\/p>\n<p>[\/et_pb_accordion_item][et_pb_accordion_item title=&#8220;N\u00e1nar um skilm\u00e1la.&#8220; _builder_version=&#8220;4.16&#8243; _module_preset=&#8220;default&#8220; global_colors_info=&#8220;{}&#8220; open=&#8220;on&#8220;]<\/p>\n<div id=\"main-content\">\n<div class=\"container\">\n<div id=\"content-area\" class=\"clearfix\">\n<div id=\"left-area\">\n<article id=\"post-102\" class=\"post-102 page type-page status-publish hentry\">\n<div class=\"entry-content\">\n<p><strong>\u00c6FINGAGJ\u00d6LD<\/strong><\/p>\n<p>Eftirfarandi skilm\u00e1lar gilda um \u00e6fingagj\u00f6ld hj\u00e1 Danssk\u00f3la K\u00f6ru og Dansf\u00e9lagi Reykjav\u00edkur.<\/p>\n<p>Skilyr\u00f0i er a\u00f0 \u00e6fingagj\u00f6ld s\u00e9u greidd \u00ed upphafi t\u00edmabils. Grei\u00f0sla \u00e6fingagjalda er forsenda fyrir \u00fe\u00e1ttt\u00f6ku \u00e1 \u00e6fingum, n\u00e1mskei\u00f0um og m\u00f3tum sem flokkur\/h\u00f3pur e\u00f0a einstaklingur fer \u00e1. Allar skr\u00e1ningar eru h\u00e1\u00f0ar sam\u00feykki stj\u00f3rnanda.<br \/>Ef i\u00f0kandi m\u00e6tir \u00e1 \u00e6fingar og forr\u00e1\u00f0ama\u00f0ur gengur ekki fr\u00e1 \u00e6fingagj\u00f6ldum innan \u00feriggja vikna fr\u00e1 upphafi n\u00e1mskei\u00f0s er sendur rafr\u00e6nn grei\u00f0sluse\u00f0ill fyrir \u00e6fingagj\u00f6ldum enda er liti\u00f0 svo \u00e1 a\u00f0 forr\u00e1\u00f0ama\u00f0ur vilji n\u00fdta s\u00e9r \u00fej\u00f3nustu Danssk\u00f3la K\u00f6ru og Dansf\u00e9lags Reykjav\u00edkur. Ef forr\u00e1\u00f0ama\u00f0ur vill breyta \u00feeim grei\u00f0slum\u00e1ta, leggst \u00e1 ums\u00fdslugjald kr. 2.000 og einnig ef breyta \u00fearf \u00e6fingagjaldi e\u00f0a grei\u00f0slum\u00e1ta eftir \u00e1. Ef breyting er ger\u00f0 \u00e1 grei\u00f0slum\u00e1ta og \/ e\u00f0a i\u00f0kandi er forskr\u00e1\u00f0ur \u00fearf forr\u00e1\u00f0ama\u00f0ur a\u00f0 kl\u00e1ra skr\u00e1ninguna me\u00f0 grei\u00f0slusam\u00feykki innan fj\u00f6gurra s\u00f3larhringa. Eftir \u00fea\u00f0 stofna starfsmenn skrifstofu grei\u00f0sluse\u00f0il fyrir gjaldinu sem ekki ver\u00f0ur bakf\u00e6r\u00f0ur og forr\u00e1\u00f0amenn geta ekki sj\u00e1lfir afskr\u00e1\u00f0 e\u00f0a afpanta\u00f0.<\/p>\n<p>\u00c6fingagj\u00f6ld eru ekki endurgreidd eftir a\u00f0 n\u00e1mskei\u00f0 er hafi\u00f0. Kj\u00f3si i\u00f0kandi a\u00f0 h\u00e6tta vi\u00f0 \u00e6fingum ver\u00f0ur \u00fars\u00f6gn a\u00f0 berast me\u00f0 t\u00f6lvup\u00f3sti \u00e1 netfangi\u00f0 dans@dansskoli.is og er einungis afgreidd af starfsf\u00f3lki skrifstofu DK. Skilyr\u00f0i til endurgrei\u00f0slu eru ef um b\u00faferlaflutning og\/e\u00f0a um alvarleg veikindi e\u00f0a mei\u00f0sli er a\u00f0 r\u00e6\u00f0a.<br \/>M\u00e9r er kunnugt a\u00f0 DK og DR tryggir ekki i\u00f0kendur.<br \/>\u00c6fingat\u00f6flur eru birtar me\u00f0 fyrirvara og \u00e1skilja deildir s\u00e9r r\u00e9tt til breytinga \u00e1 t\u00edmabilinu.<br \/>Ef \u00e6fingar falla ni\u00f0ur af \u00f3vi\u00f0r\u00e1\u00f0anlegum \u00e1st\u00e6\u00f0um er reynt eftir fremsta megni a\u00f0 vinna upp \u00feann \u00e6fingart\u00edma. Finnist ekki auka t\u00edmi fyrir \u00e6finguna sem f\u00e9ll ni\u00f0ur ver\u00f0ur \u00e6fingin \u00fe\u00f3 ekki endurgreidd.<br \/>Grei\u00f0slum\u00e1tar sem bo\u00f0i\u00f0 er upp \u00ed skr\u00e1ningakerfi f\u00e9lagsins Abler eru fr\u00edstundastyrkur (6-18 \u00e1ra), grei\u00f0sluse\u00f0lar og grei\u00f0slukort.<br \/>Eing\u00f6ngu er h\u00e6gt a\u00f0 r\u00e1\u00f0stafa fr\u00edstundastyrk til f\u00e9lagsins \u00ed gegnum skr\u00e1ningakerfi \u00feess.<br \/>Hvorki m\u00e1 flytja fr\u00edstundastyrk milli systkina n\u00e9 milli \u00e1ra.<br \/>R\u00e1\u00f0stafa\u00f0ur fr\u00edstundastyrkur sveitarf\u00e9laga er ekki endurgreiddur.<br \/>Mikilv\u00e6gt er a\u00f0 hafa samband vi\u00f0 skrifstofu ef um fj\u00e1rhagserfi\u00f0leika er a\u00f0 r\u00e6\u00f0a og finna \u00farlausn sem lei\u00f0ir til \u00e1framhaldandi \u00fe\u00e1ttt\u00f6ku i\u00f0kandans.<br \/>Grei\u00f0slukostirnir DK ln b\u00fd\u00f0ur upp \u00e1 eru tveir., Grei\u00f0sluse\u00f0lar og grei\u00f0slukort. Ef dreifa \u00fearf grei\u00f0slum bendum vi\u00f0 \u00e1 a\u00f0 kynna s\u00e9r dreifingu grei\u00f0slna \u00e1 kreditkortum hj\u00e1 ykkar banka. Teya s\u00e9r um hir\u00f0ingu grei\u00f0slukorta.<br \/>\u00dea\u00f0 er me\u00f0 \u00f6llu \u00f3heimilt a\u00f0 blanda \u00e6fingagj\u00f6ldum inn \u00ed a\u00f0ra starfsemi hj\u00e1 f\u00e9laginu. Stj\u00f3rnarf\u00f3lk, starfsf\u00f3lk, \u00fej\u00e1lfarar e\u00f0a a\u00f0rir velunnarar f\u00e9lagsins f\u00e1 engan afsl\u00e1tt af \u00e6fingagj\u00f6ldum umfram \u00feann sem almennt er veittur. Skrifstofa f\u00e9lagsins s\u00e9r alfari\u00f0 um allt (verklag, t\u00e6knib\u00fana\u00f0, tengingar vi\u00f0 fr\u00edstund, afsl\u00e1ttarkj\u00f6r, innheimtu sem er unnin \u00ed samr\u00e1\u00f0i vi\u00f0 gjaldkera deilda \u00feegar vi\u00f0 \u00e1 og \u00farlausn til \u00feeirra sem eiga fj\u00e1rhagslega erfitt me\u00f0 a\u00f0 borga fyrir b\u00f6rnin s\u00edn) sem tengist \u00e6fingagj\u00f6ldum nema a\u00f0 \u00e1kve\u00f0a upph\u00e6\u00f0 hvers \u00e6fingagjalds. H\u00e9r sitja \u00fev\u00ed allir vi\u00f0 sama bor\u00f0 hva\u00f0 \u00e6fingagj\u00f6ld var\u00f0ar.<\/p>\n<p><strong>PERS\u00d3NUUPPL\u00ddSINGAR<\/strong><\/p>\n<p>Eftirfarandi skilm\u00e1lar gilda um f\u00e9lagatal hj\u00e1 \u00f6llum h\u00f3pum DK og DR<\/p>\n<p>\u00c9g sem foreldri\/forr\u00e1\u00f0ama\u00f0ur vi\u00f0komandi einstaklings sam\u00feykki a\u00f0 hann gerist i\u00f0kandi \u00ed DK og DR. Jafnframt l\u00fdsi \u00e9g \u00fev\u00ed yfir a\u00f0 \u00e9g muni leggja mitt a\u00f0 m\u00f6rkum til a\u00f0 sty\u00f0ja i\u00f0kandann \u00ed starfi hans.<br \/>\u00c9g sam\u00feykki a\u00f0 DK og DR hafi heimild til a\u00f0 nota \u00fe\u00e6r myndir sem kunna a\u00f0 ver\u00f0a teknar af i\u00f0kandanum \u00ed starfi me\u00f0 f\u00e9laginu, til birtingar \u00ed \u00fatg\u00e1fum f\u00e9lagsins, \u00e1 hva\u00f0a formi sem \u00fea\u00f0 kann a\u00f0 vera, \u00fe.m.t., b\u00e6\u00f0i \u00e1 prenti og \u00e1 vef. \u00d3ski forr\u00e1\u00f0amenn eftir \u00fev\u00ed a\u00f0 myndir ver\u00f0i ekki nota\u00f0ar skulu \u00feeir hafa samband vi\u00f0 DK \u00e1 netfangi\u00f0 dans@dansskoli.is<br \/>Fari\u00f0 er me\u00f0 \u00fe\u00e6r uppl\u00fdsingar sem safna\u00f0 er sem tr\u00fana\u00f0arm\u00e1l og \u00fe\u00e6r me\u00f0h\u00f6ndla\u00f0ar sem sl\u00edkar. Uppl\u00fdsingarnar ver\u00f0a ekki l\u00e1tnar \u00feri\u00f0ja a\u00f0ila \u00ed t\u00e9. Uppl\u00fdsingum er safna\u00f0 til a\u00f0 tryggja \u00f6ryggi i\u00f0kanda \u00ed starfi.<br \/>Vegna Abler: \u00c9g sam\u00feykki a\u00f0 DK og DR hafi heimild til a\u00f0 nota uppl\u00fdsingar sem gefnar eru upp \u00ed \u00feessari skr\u00e1ningu, til a\u00f0 tengjast Abler forritinu en \u00fea\u00f0 er nota\u00f0 af \u00fej\u00e1lfurum deildarinnar vi\u00f0 m\u00e6tingaskr\u00e1ningu, \u00e1\u00e6tlanager\u00f0 og almenn samskipti vi\u00f0 i\u00f0kendur og forr\u00e1\u00f0amenn.<\/p>\n<p><a href=\"https:\/\/dansskoli.is\/kara\/wp-content\/uploads\/2025\/06\/Dansfelag-Reykjavikur-arsreikningur-2024.pdf\">\u00c1RSREIKNINGUR 2024<\/a><\/p>\n<p>&nbsp;<\/p>\n<\/div>\n<\/article>\n<\/div>\n<\/div>\n<\/div>\n<\/div>\n<p>[\/et_pb_accordion_item][\/et_pb_accordion][\/et_pb_column][\/et_pb_row][\/et_pb_section]<\/p>\n","protected":false},"excerpt":{"rendered":"<p>DANSF\u00c9LAG REYKJAV\u00cdKURTil \u00feess a\u00f0 geta keppt \u00e1 dansm\u00f3tum \u00fearf a\u00f0 vera \u00ed \u00ed\u00fer\u00f3ttaf\u00e9lagi. Dansf\u00e9lag Reykjav\u00edkur (DR) er \u00ed\u00fer\u00f3ttaf\u00e9lag sem starfar innan Danssk\u00f3la K\u00f6ru (DK) og var \u00fea\u00f0 stofna\u00f0 24. apr\u00edl 1994.\u00a0\u00a0Helstu markmi\u00f0 f\u00e9lagsins eru a\u00f0 i\u00f0ka samkv\u00e6misdans sem \u00ed\u00fer\u00f3tt, efla \u00e1huga \u00e1 \u00feeirri \u00ed\u00fer\u00f3tt og stu\u00f0la a\u00f0 b\u00e6ttri a\u00f0st\u00f6\u00f0u til i\u00f0kunar hennar og \u00feannig a\u00f0 [&hellip;]<\/p>\n","protected":false},"author":1,"featured_media":0,"parent":0,"menu_order":0,"comment_status":"open","ping_status":"open","template":"","meta":{"_et_pb_use_builder":"on","_et_pb_old_content":"<!-- wp:paragraph -->\n<p>Til \u00feess a\u00f0 geta keppt \u00e1 dansm\u00f3tum \u00fearf a\u00f0 vera \u00ed \u00ed\u00fer\u00f3ttaf\u00e9lagi.&nbsp;Dansf\u00e9lag Reykjav\u00edkur (DR) er \u00ed\u00fer\u00f3ttaf\u00e9lag sem starfar innan Danssk\u00f3la K\u00f6ru (DK) og var \u00fea\u00f0 stofna\u00f0 24. apr\u00edl&nbsp;1994.&nbsp;&nbsp;Helstu markmi\u00f0 f\u00e9lagsins eru a\u00f0&nbsp;i\u00f0ka samkv\u00e6misdans sem \u00ed\u00fer\u00f3tt, efla \u00e1huga \u00e1 \u00feeirri \u00ed\u00fer\u00f3tt og stu\u00f0la a\u00f0 b\u00e6ttri a\u00f0st\u00f6\u00f0u til i\u00f0kunar hennar&nbsp;og \u00feannig a\u00f0 sty\u00f0ja vi\u00f0 baki\u00f0 \u00e1 d\u00f6nsurum \u00ed DK me\u00f0 \u00fdmsum h\u00e6tti.&nbsp;<\/p>\n<!-- \/wp:paragraph -->\n\n<!-- wp:paragraph -->\n<p>DR hefur sta\u00f0i\u00f0 fyrir \u00e6fingab\u00fa\u00f0um \u00e1samt DK, einni e\u00f0a fleirum, \u00e1 hverju \u00e1ri og hafa stj\u00f3rnarmenn DR, kennarar DK og foreldrar barnanna unni\u00f0 saman a\u00f0 \u00feessu.&nbsp;DR hefur styrkt \u00feessar b\u00fa\u00f0ir myndarlega me\u00f0 ni\u00f0urgrei\u00f0slu \u00e1 kostna\u00f0i.&nbsp;<\/p>\n<!-- \/wp:paragraph -->\n\n<!-- wp:paragraph -->\n<p>F\u00e9lagi\u00f0 hefur stutt vi\u00f0 baki\u00f0 \u00e1 f\u00e9lagsm\u00f6nnum s\u00ednum sem hafa fari\u00f0 erlendis a\u00f0 keppa me\u00f0 \u00fev\u00ed a\u00f0 grei\u00f0a fyrir kennara me\u00f0 \u00feeim \u00fat.&nbsp;Einnig hefur f\u00e9lagi\u00f0 stutt vi\u00f0 baki\u00f0 \u00e1 s\u00ednum afreksm\u00f6nnum sem hafa fari\u00f0 \u00fat a\u00f0 keppa \u00e1 Evr\u00f3pu-og heimsmeistaram\u00f3tum me\u00f0 g\u00f3\u00f0um fj\u00e1rstyrkjum.&nbsp;<\/p>\n<!-- \/wp:paragraph -->\n\n<!-- wp:paragraph -->\n<p>Fyrir \u00fe\u00e1 sem tippa \u00fe\u00e1 er f\u00e9lagsn\u00famer DR \u00ed getraunum 160.<\/p>\n<!-- \/wp:paragraph -->\n\n<!-- wp:image {\"align\":\"left\",\"id\":713,\"sizeSlug\":\"medium\",\"linkDestination\":\"media\",\"className\":\"is-style-default\"} -->\n<div class=\"wp-block-image is-style-default\"><figure class=\"alignleft size-medium\"><a href=\"https:\/\/dansskoli.is\/kara\/wp-content\/uploads\/2022\/01\/dr.jpg\"><img src=\"https:\/\/dansskoli.is\/kara\/wp-content\/uploads\/2022\/01\/dr-300x262.jpg\" alt=\"\" class=\"wp-image-713\"\/><\/a><\/figure><\/div>\n<!-- \/wp:image -->","_et_gb_content_width":"","footnotes":""},"aioseo_notices":[],"jetpack_sharing_enabled":true,"_links":{"self":[{"href":"https:\/\/dansskoli.is\/kara\/wp-json\/wp\/v2\/pages\/32"}],"collection":[{"href":"https:\/\/dansskoli.is\/kara\/wp-json\/wp\/v2\/pages"}],"about":[{"href":"https:\/\/dansskoli.is\/kara\/wp-json\/wp\/v2\/types\/page"}],"author":[{"embeddable":true,"href":"https:\/\/dansskoli.is\/kara\/wp-json\/wp\/v2\/users\/1"}],"replies":[{"embeddable":true,"href":"https:\/\/dansskoli.is\/kara\/wp-json\/wp\/v2\/comments?post=32"}],"version-history":[{"count":18,"href":"https:\/\/dansskoli.is\/kara\/wp-json\/wp\/v2\/pages\/32\/revisions"}],"predecessor-version":[{"id":238999,"href":"https:\/\/dansskoli.is\/kara\/wp-json\/wp\/v2\/pages\/32\/revisions\/238999"}],"wp:attachment":[{"href":"https:\/\/dansskoli.is\/kara\/wp-json\/wp\/v2\/media?parent=32"}],"curies":[{"name":"wp","href":"https:\/\/api.w.org\/{rel}","templated":true}]}}